{"id":10428,"date":"2025-09-28T09:50:02","date_gmt":"2025-09-28T09:50:02","guid":{"rendered":"https:\/\/vl1200.com\/?page_id=10428"},"modified":"2026-02-04T09:03:25","modified_gmt":"2026-02-04T09:03:25","slug":"lezer-a-nogyogyaszatban","status":"publish","type":"page","link":"https:\/\/vl1200.com\/hu\/lezer-a-nogyogyaszatban\/","title":{"rendered":"L\u00e9zer a n\u0151gy\u00f3gy\u00e1szatban"},"content":{"rendered":"<div class=\"wpb-content-wrapper\"><p>[vc_section][vc_row full_width=&#8221;stretch_row_content_no_spaces&#8221;][vc_column]<div class=\"es-resp\">\t<div class=\"visible-xl\" style=\"height: 0px;\"><\/div>\t<div class=\"hidden-xl hidden-md hidden-sm hidden-ms hidden-xs\" style=\"height: 75px;\"><\/div>\t<div class=\"visible-md\" style=\"height: 75px;\"><\/div>\t<div class=\"visible-sm \" style=\"height: 90px;\"><\/div>\t<div class=\"visible-ms\" style=\"height: 90px;\"><\/div>\t<div class=\"visible-xs\" style=\"height: 100px;\"><\/div><\/div>[vc_column_text css=&#8221;&#8221;]<script>\r\n\t\tjQuery(function() {\r\n\t\t\tjQuery(\"#parallax_perpetuummobile_6\").parallax_perpetuummobile({\r\n\t\t\t\tskin:\"bullets\",\r\n\t\t\t\tresponsive:true,\r\n\t\t\t\tresponsiveRelativeToBrowser:true,\r\n\t\t\t\twidth:1080,\r\n\t\t\t\theight:300,\r\n\t\t\t\twidth100Proc:true,\r\n\t\t\t\theight100Proc:false,\r\n\t\t\t\tcenterPlugin:true,\r\n\t\t\t\tautoPlay:7,\r\n\t\t\t\tloop:true,\r\n\t\t\t\ttarget:\"_blank\",\r\n\t\t\t\tabsUrl:\"https:\/\/vl1200.com\/wp-content\/plugins\/uberSlider_perpetuummobile\/perpetuummobile\/\",\r\n\t\t\t\tscrollSlideDuration:0.8,\r\n\t\t\t\tscrollSlideEasing:\"swing\",\r\n\t\t\t\tdefaultEasing:\"easeOutElastic\",\r\n\t\t\t\tmyloaderTime:1,\r\n\t\t\t\tpauseOnMouseOver:true,\r\n\t\t\t\tenableTouchScreen:true,\r\n\t\t\t\tdefaultExitLeft:0,\r\n\t\t\t\tdefaultExitTop:0,\r\n\t\t\t\tdefaultExitDuration:0,\r\n\t\t\t\tdefaultExitDelay:0,\r\n\t\t\t\tdefaultExitEasing:\"swing\",\r\n\t\t\t\tdefaultExitOFF:true,\r\n\t\t\t\tshowAllControllers:false,\r\n\t\t\t\tshowNavArrows:false,\r\n\t\t\t\tshowOnInitNavArrows:false,\r\n\t\t\t\tautoHideNavArrows:true,\r\n\t\t\t\tshowBottomNav:false,\r\n\t\t\t\tshowOnInitBottomNav:false,\r\n\t\t\t\tautoHideBottomNav:false,\r\n\t\t\t\tshowPreviewThumbs:false,\r\n\t\t\t\tnumberOfThumbsPerScreen:0,\r\n\t\t\t\tthumbsWrapperMarginBottom:20,\r\n\t\t\t\tthumbsOnMarginTop:10,\r\n\t\t\t\tshowCircleTimer:false,\r\n\t\t\t\tshowCircleTimerIE8IE7:false,\r\n\t\t\t\tcircleRadius:10,\r\n\t\t\t\tcircleLineWidth:4,\r\n\t\t\t\tcircleColor:\"#ff0000\",\r\n\t\t\t\tcircleAlpha:0,\r\n\t\t\t\tbehindCircleColor:\"#000000\",\r\n\t\t\t\tbehindCircleAlpha:0\r\n\t\t\t});\r\n\t\t});\r\n\t<\/script>\r\n            <div id=\"parallax_perpetuummobile_6\"><div class=\"myloader\"><\/div><ul class=\"parallax_perpetuummobile_list\"><li data-text-id=\"\" data-video=\"false\" data-bottom-thumb=\"\" data-link=\"\" data-target=\"\" data-bgArr=\"\" data-bgIEWidth=\"\" data-bgStep=\"\" data-bgDuration=\"\" data-bgEasing=\"\" ><img loading=\"lazy\" decoding=\"async\" src=\"https:\/\/vl1200.com\/wp-content\/uploads\/2025\/11\/slider12.png\" width=\"1080\" height=\"300\" style=\"width:1080px; height:300px;\" alt=\"\" \/><\/li><\/ul><\/div>[\/vc_column_text][\/vc_column][\/vc_row][vc_row][vc_column]<div class=\"es-resp\">\t<div class=\"visible-xl\" style=\"height: 15px;\"><\/div>\t<div class=\"hidden-xl hidden-md hidden-sm hidden-ms hidden-xs\" style=\"height: 15px;\"><\/div>\t<div class=\"visible-md\" style=\"height: 15px;\"><\/div>\t<div class=\"visible-sm \" style=\"height: 15px;\"><\/div>\t<div class=\"visible-ms\" style=\"height: 15px;\"><\/div>\t<div class=\"visible-xs\" style=\"height: 15px;\"><\/div><\/div>[\/vc_column][\/vc_row][vc_row equal_height=&#8221;yes&#8221; content_placement=&#8221;top&#8221;][vc_column width=&#8221;7\/12&#8243; offset=&#8221;vc_hidden-md vc_hidden-sm vc_hidden-xs&#8221;][vc_column_text css=&#8221;&#8221;]<\/p>\n<h6 style=\"text-align: center\"><em><strong>Gyakori n\u0151gy\u00f3gy\u00e1szati probl\u00e9m\u00e1k kezel\u00e9se l\u00e1gyl\u00e9zerrel:<\/strong><\/em><\/h6>\n<p style=\"text-align: justify\">A l\u00e9zerf\u00e9ny hat\u00e1smechanizmus\u00e1ban le\u00edrtak alapj\u00e1n meg\u00e1llap\u00edthat\u00f3, hogy a <strong>650-660nm piros l\u00e1gyl\u00e9zer hat\u00e1s\u00e1ra a vagina gyullad\u00e1sos megbeteged\u00e9sein t\u00fal a kollag\u00e9nszint\u00e9zis fokoz\u00e1s\u00e1val h\u00fcvelysz\u0171k\u00edt\u0151 hat\u00e1s \u00e9rhet\u0151 el! A h\u00fcvelyfal izomzat\u00e1nak rugalmass\u00e1ga n\u00f6vekszik a kezel\u00e9sek \u00e1ltal.<\/strong><\/p>\n<p style=\"text-align: justify\"><strong>A k\u00e9k 450-470 nm l\u00e1gyl\u00e9zer kezel\u00e9ssel pedig, a legt\u00f6bbsz\u00f6r el\u0151fordul\u00f3, h\u00fcvelyi candida albicans gomba, egyes bakteri\u00e1lis fert\u0151z\u00e9sek, illetve v\u00edrusos megbeteged\u00e9sek is eredm\u00e9nyesen kezelhet\u0151ek.<\/strong><\/p>\n<p style=\"text-align: justify\">Jelenleg t\u00f6bb n\u0151gy\u00f3gy\u00e1szati klinika is ny\u00fajt l\u00e1gyl\u00e9zerrel t\u00f6rt\u00e9n\u0151 h\u00fcvelysz\u0171k\u00edt\u00e9ses kezel\u00e9seket.<\/p>\n<p style=\"text-align: justify\">Azonban ezek nagy erej\u0171 l\u00e9zerekkel t\u00f6rt\u00e9nnek, sok mikro s\u00e9r\u00fcl\u00e9st okozva el\u0151seg\u00edtve a jelent\u0151s kollag\u00e9nszint\u00e9zist, 4-500.000 Ft-os \u00e1rakon. A kezel\u00e9seket p\u00e1r \u00e9vente meg is kell ism\u00e9telni.<\/p>\n<p>[\/vc_column_text][\/vc_column][vc_column width=&#8221;5\/12&#8243; offset=&#8221;vc_hidden-md vc_hidden-sm vc_hidden-xs&#8221;][vc_single_image image=&#8221;10443&#8243; img_size=&#8221;full&#8221; alignment=&#8221;center&#8221; css=&#8221;&#8221;][\/vc_column][vc_column offset=&#8221;vc_hidden-md vc_hidden-sm vc_hidden-xs&#8221;][vc_column_text css=&#8221;.vc_custom_1763136680073{margin-top: 15px !important;margin-bottom: 15px !important;}&#8221;]<\/p>\n<p style=\"text-align: justify\">A k\u00e9k l\u00e1gyl\u00e9zerrel t\u00f6rt\u00e9n\u0151 esetleges h\u00fcvelyi fert\u0151z\u00e9sek kezel\u00e9se m\u00e9g nem elterjedt. Ez a probl\u00e9ma t\u00f6bbsz\u00f6r is el\u0151fordulhat \u00e9s j\u00f3 lenne, ha a beszedett gy\u00f3gyszerek (mell\u00e9khat\u00e1sok) mellett lenne egy <strong>term\u00e9szetes, mell\u00e9khat\u00e1sokt\u00f3l mentes, b\u00e1rmikor el\u0151vehet\u0151, megold\u00e1s<\/strong> is a n\u0151k r\u00e9sz\u00e9re.<\/p>\n<p>[\/vc_column_text][vc_column_text css=&#8221;.vc_custom_1763136687493{margin-bottom: 15px !important;}&#8221;]<\/p>\n<p style=\"text-align: justify\">Nem mindegy, hogy mekkora er\u0151ss\u00e9g\u0171 az adott l\u00e1gyl\u00e9zer. Mennyi energia (Joule) jut egy adott ter\u00fcletre (cm2). Az 1200 mw er\u0151 m\u00e1r elegend\u0151 lehet a k\u00edv\u00e1nt hat\u00e1s el\u00e9r\u00e9s\u00e9hez. Otthon, saj\u00e1t intim k\u00f6rnyezet\u00e9ben tudja a kezel\u00e9seket elv\u00e9gezni.<\/p>\n<p>[\/vc_column_text][vc_column_text css=&#8221;.vc_custom_1763135750279{margin-top: 20px !important;}&#8221;]<\/p>\n<p style=\"text-align: center\"><em><strong>Term\u00e9szetesen egyeztessen n\u0151gy\u00f3gy\u00e1sz\u00e1val is, a konkr\u00e9t probl\u00e9m\u00e1j\u00e1nak orvosi ellen\u0151rz\u00e9se nem elker\u00fclhet\u0151! Az intim l\u00e9zer rendszeres haszn\u00e1lata nem helyettes\u00edti a n\u0151gy\u00f3gy\u00e1szati szakvizsg\u00e1latot, valamint a rendszeres n\u0151gy\u00f3gy\u00e1szati kontrollt!<\/strong><\/em><\/p>\n<p>[\/vc_column_text][\/vc_column][\/vc_row][vc_row equal_height=&#8221;yes&#8221; content_placement=&#8221;top&#8221;][vc_column width=&#8221;6\/12&#8243; offset=&#8221;vc_hidden-lg vc_hidden-sm vc_hidden-xs&#8221;][vc_column_text css=&#8221;&#8221;]<\/p>\n<h6 style=\"text-align: center\"><em><strong>Gyakori n\u0151gy\u00f3gy\u00e1szati probl\u00e9m\u00e1k kezel\u00e9se l\u00e1gyl\u00e9zerrel:<\/strong><\/em><\/h6>\n<p style=\"text-align: justify\">A l\u00e9zerf\u00e9ny hat\u00e1smechanizmus\u00e1ban le\u00edrtak alapj\u00e1n meg\u00e1llap\u00edthat\u00f3, hogy a <strong>650-660nm piros l\u00e1gyl\u00e9zer hat\u00e1s\u00e1ra a vagina gyullad\u00e1sos megbeteged\u00e9sein t\u00fal a kollag\u00e9nszint\u00e9zis fokoz\u00e1s\u00e1val h\u00fcvelysz\u0171k\u00edt\u0151 hat\u00e1s \u00e9rhet\u0151 el! A h\u00fcvelyfal izomzat\u00e1nak rugalmass\u00e1ga n\u00f6vekszik a kezel\u00e9sek \u00e1ltal.<\/strong><\/p>\n<p style=\"text-align: justify\"><strong>A k\u00e9k 450-470 nm l\u00e1gyl\u00e9zer kezel\u00e9ssel pedig, a legt\u00f6bbsz\u00f6r el\u0151fordul\u00f3, h\u00fcvelyi canida albicans gomba, egyes bakteri\u00e1lis fert\u0151z\u00e9sek, illetve v\u00edrusos megbeteged\u00e9sek is eredm\u00e9nyesen kezelhet\u0151ek.<\/strong><\/p>\n<p style=\"text-align: justify\">Jelenleg t\u00f6bb n\u0151gy\u00f3gy\u00e1szati klinika is ny\u00fajt l\u00e1gyl\u00e9zerrel t\u00f6rt\u00e9n\u0151 h\u00fcvelysz\u0171k\u00edt\u00e9ses kezel\u00e9seket.<\/p>\n<p>[\/vc_column_text][\/vc_column][vc_column width=&#8221;6\/12&#8243; offset=&#8221;vc_hidden-lg vc_hidden-sm vc_hidden-xs&#8221;][vc_single_image image=&#8221;10443&#8243; img_size=&#8221;full&#8221; alignment=&#8221;center&#8221; css=&#8221;&#8221;][\/vc_column][vc_column offset=&#8221;vc_hidden-lg vc_hidden-sm vc_hidden-xs&#8221;][vc_column_text css=&#8221;.vc_custom_1763136701904{margin-top: 15px !important;margin-bottom: 15px !important;}&#8221;]<\/p>\n<p style=\"text-align: justify\">Azonban ezek nagy erej\u0171 l\u00e9zerekkel t\u00f6rt\u00e9nnek, sok mikro s\u00e9r\u00fcl\u00e9st okozva el\u0151seg\u00edtve a jelent\u0151s kollag\u00e9nszint\u00e9zist, 4-500.000 Ft-os \u00e1rakon. A kezel\u00e9seket p\u00e1r \u00e9vente meg is kell ism\u00e9telni.<\/p>\n<p>[\/vc_column_text][vc_column_text css=&#8221;.vc_custom_1763136709680{margin-bottom: 15px !important;}&#8221;]<\/p>\n<p style=\"text-align: justify\">A k\u00e9k l\u00e1gyl\u00e9zerrel t\u00f6rt\u00e9n\u0151 esetleges h\u00fcvelyi fert\u0151z\u00e9sek kezel\u00e9se m\u00e9g nem elterjedt. Ez a probl\u00e9ma t\u00f6bbsz\u00f6r is el\u0151fordulhat \u00e9s j\u00f3 lenne, ha a beszedett gy\u00f3gyszerek (mell\u00e9khat\u00e1sok) mellett lenne egy <strong>term\u00e9szetes, mell\u00e9khat\u00e1sokt\u00f3l mentes, b\u00e1rmikor el\u0151vehet\u0151, megold\u00e1s<\/strong> is a n\u0151k r\u00e9sz\u00e9re.<\/p>\n<p>[\/vc_column_text][vc_column_text css=&#8221;.vc_custom_1763136716281{margin-bottom: 15px !important;}&#8221;]<\/p>\n<p style=\"text-align: justify\">Nem mindegy, hogy mekkora er\u0151ss\u00e9g\u0171 az adott l\u00e1gyl\u00e9zer. Mennyi energia (Joule) jut egy adott ter\u00fcletre (cm2). Az 1200 mw er\u0151 m\u00e1r elegend\u0151 lehet a k\u00edv\u00e1nt hat\u00e1s el\u00e9r\u00e9s\u00e9hez. Otthon, saj\u00e1t intim k\u00f6rnyezet\u00e9ben tudja a kezel\u00e9seket elv\u00e9gezni.<\/p>\n<p>[\/vc_column_text][vc_column_text css=&#8221;&#8221;]<\/p>\n<p style=\"text-align: center\"><em><strong>Term\u00e9szetesen egyeztessen n\u0151gy\u00f3gy\u00e1sz\u00e1val is, a konkr\u00e9t probl\u00e9m\u00e1j\u00e1nak orvosi ellen\u0151rz\u00e9se nem elker\u00fclhet\u0151! Az intim l\u00e9zer rendszeres haszn\u00e1lata nem helyettes\u00edti a n\u0151gy\u00f3gy\u00e1szati szakvizsg\u00e1latot, valamint a rendszeres n\u0151gy\u00f3gy\u00e1szati kontrollt!<\/strong><\/em><\/p>\n<p>[\/vc_column_text][\/vc_column][\/vc_row][vc_row equal_height=&#8221;yes&#8221; content_placement=&#8221;top&#8221;][vc_column width=&#8221;6\/12&#8243; offset=&#8221;vc_hidden-lg vc_hidden-md&#8221;][vc_column_text css=&#8221;&#8221;]<\/p>\n<h6 style=\"text-align: center\"><em><strong>Gyakori n\u0151gy\u00f3gy\u00e1szati probl\u00e9m\u00e1k kezel\u00e9se l\u00e1gyl\u00e9zerrel:<\/strong><\/em><\/h6>\n<p style=\"text-align: justify\">A l\u00e9zerf\u00e9ny hat\u00e1smechanizmus\u00e1ban le\u00edrtak alapj\u00e1n meg\u00e1llap\u00edthat\u00f3, hogy a <strong>650-660nm piros l\u00e1gyl\u00e9zer hat\u00e1s\u00e1ra a vagina gyullad\u00e1sos megbeteged\u00e9sein t\u00fal a kollag\u00e9nszint\u00e9zis fokoz\u00e1s\u00e1val h\u00fcvelysz\u0171k\u00edt\u0151 hat\u00e1s \u00e9rhet\u0151 el! A h\u00fcvelyfal izomzat\u00e1nak rugalmass\u00e1ga n\u00f6vekszik a kezel\u00e9sek \u00e1ltal.<\/strong><\/p>\n<p>[\/vc_column_text][\/vc_column][vc_column width=&#8221;6\/12&#8243; offset=&#8221;vc_hidden-lg vc_hidden-md&#8221;][vc_single_image image=&#8221;10443&#8243; img_size=&#8221;full&#8221; alignment=&#8221;center&#8221; css=&#8221;&#8221;][\/vc_column][vc_column offset=&#8221;vc_hidden-lg vc_hidden-md&#8221;][vc_column_text css=&#8221;.vc_custom_1763137353481{margin-top: 15px !important;}&#8221;]<\/p>\n<p style=\"text-align: justify\"><strong>A k\u00e9k 450-470 nm l\u00e1gyl\u00e9zer kezel\u00e9ssel pedig, a legt\u00f6bbsz\u00f6r el\u0151fordul\u00f3, h\u00fcvelyi canida albicans gomba, egyes bakteri\u00e1lis fert\u0151z\u00e9sek, illetve v\u00edrusos megbeteged\u00e9sek is eredm\u00e9nyesen kezelhet\u0151ek.<\/strong><\/p>\n<p style=\"text-align: justify\">Jelenleg t\u00f6bb n\u0151gy\u00f3gy\u00e1szati klinika is ny\u00fajt l\u00e1gyl\u00e9zerrel t\u00f6rt\u00e9n\u0151 h\u00fcvelysz\u0171k\u00edt\u00e9ses kezel\u00e9seket.<\/p>\n<p>[\/vc_column_text][vc_column_text css=&#8221;.vc_custom_1763136701904{margin-top: 15px !important;margin-bottom: 15px !important;}&#8221;]<\/p>\n<p style=\"text-align: justify\">Azonban ezek nagy erej\u0171 l\u00e9zerekkel t\u00f6rt\u00e9nnek, sok mikro s\u00e9r\u00fcl\u00e9st okozva el\u0151seg\u00edtve a jelent\u0151s kollag\u00e9nszint\u00e9zist, 4-500.000 Ft-os \u00e1rakon. A kezel\u00e9seket p\u00e1r \u00e9vente meg is kell ism\u00e9telni.<\/p>\n<p>[\/vc_column_text][vc_column_text css=&#8221;.vc_custom_1763136709680{margin-bottom: 15px !important;}&#8221;]<\/p>\n<p style=\"text-align: justify\">A k\u00e9k l\u00e1gyl\u00e9zerrel t\u00f6rt\u00e9n\u0151 esetleges h\u00fcvelyi fert\u0151z\u00e9sek kezel\u00e9se m\u00e9g nem elterjedt. Ez a probl\u00e9ma t\u00f6bbsz\u00f6r is el\u0151fordulhat \u00e9s j\u00f3 lenne, ha a beszedett gy\u00f3gyszerek (mell\u00e9khat\u00e1sok) mellett lenne egy <strong>term\u00e9szetes, mell\u00e9khat\u00e1sokt\u00f3l mentes, b\u00e1rmikor el\u0151vehet\u0151, megold\u00e1s<\/strong> is a n\u0151k r\u00e9sz\u00e9re.<\/p>\n<p>[\/vc_column_text][vc_column_text css=&#8221;.vc_custom_1763136716281{margin-bottom: 15px !important;}&#8221;]<\/p>\n<p style=\"text-align: justify\">Nem mindegy, hogy mekkora er\u0151ss\u00e9g\u0171 az adott l\u00e1gyl\u00e9zer. Mennyi energia (Joule) jut egy adott ter\u00fcletre (cm2). Az 1200 mw er\u0151 m\u00e1r elegend\u0151 lehet a k\u00edv\u00e1nt hat\u00e1s el\u00e9r\u00e9s\u00e9hez. Otthon, saj\u00e1t intim k\u00f6rnyezet\u00e9ben tudja a kezel\u00e9seket elv\u00e9gezni.<\/p>\n<p>[\/vc_column_text][vc_column_text css=&#8221;&#8221;]<\/p>\n<p style=\"text-align: center\"><em><strong>Term\u00e9szetesen egyeztessen n\u0151gy\u00f3gy\u00e1sz\u00e1val is, a konkr\u00e9t probl\u00e9m\u00e1j\u00e1nak orvosi ellen\u0151rz\u00e9se nem elker\u00fclhet\u0151! Az intim l\u00e9zer rendszeres haszn\u00e1lata nem helyettes\u00edti a n\u0151gy\u00f3gy\u00e1szati szakvizsg\u00e1latot, valamint a rendszeres n\u0151gy\u00f3gy\u00e1szati kontrollt!<\/strong><\/em><\/p>\n<p>[\/vc_column_text][\/vc_column][\/vc_row][vc_row][vc_column][vc_zigzag el_border_width=&#8221;8&#8243;]<div class=\"es-resp\">\t<div class=\"visible-xl\" style=\"height: 60px;\"><\/div>\t<div class=\"hidden-xl hidden-md hidden-sm hidden-ms hidden-xs\" style=\"height: 50px;\"><\/div>\t<div class=\"visible-md\" style=\"height: 40px;\"><\/div>\t<div class=\"visible-sm \" style=\"height: 35px;\"><\/div>\t<div class=\"visible-ms\" style=\"height: 30px;\"><\/div>\t<div class=\"visible-xs\" style=\"height: 20px;\"><\/div><\/div>[\/vc_column][\/vc_row][vc_row][vc_column width=&#8221;7\/12&#8243;][vc_single_image image=&#8221;10771&#8243; img_size=&#8221;full&#8221; alignment=&#8221;center&#8221; css=&#8221;&#8221;][\/vc_column][vc_column width=&#8221;5\/12&#8243;][vc_column_text css=&#8221;&#8221;]<\/p>\n<h6 style=\"text-align: center\"><em><strong>H\u00fcvelyi gyakori betegs\u00e9gek \u00e9s k\u00e9k l\u00e9zeres kezel\u00e9s\u00fck:<\/strong><\/em><\/h6>\n<p style=\"text-align: justify\">A gombaellenes k\u00e9k f\u00e9ny (ABL) ter\u00e1pi\u00e1kat k\u00fcl\u00f6nb\u00f6z\u0151 gomb\u00e1s fert\u0151z\u00e9sek \u00e1ltal okozott betegs\u00e9gek kezel\u00e9s\u00e9ben tanulm\u00e1nyozt\u00e1k \u00e9s alkalmazt\u00e1k. A vulvovagin\u00e1lis candidiasis (VVC) (<strong>h\u00fcvely gomb\u00e1s fert\u0151z\u00e9se<\/strong>) a n\u0151i urogenit\u00e1lis traktus (h\u00fagy \u00e9s ivarszerv) gyakori fert\u0151z\u00e9se. A n\u0151kn\u00e9l a <strong>m\u00e1sodik leggyakoribb genit\u00e1lis fert\u0151z\u00e9snek tartj\u00e1k a bakteri\u00e1lis vaginosis ut\u00e1n<\/strong>. A VVC-t or\u00e1lis vagy helyi azolsz\u00e1rmaz\u00e9kokkal kezelik. Ezek a szerek azonban mell\u00e9khat\u00e1sokhoz vezethetnek, kr\u00f3nikus haszn\u00e1latuk pedig gombaellenes szerekkel szembeni rezisztenci\u00e1hoz vezethet. Tekintettel arra, hogy az ultraibolya\/k\u00e9k f\u00e9nykibocs\u00e1t\u00f3 di\u00f3da (LED) antimikrobi\u00e1lis tulajdons\u00e1gokkal rendelkez\u0151 elektrom\u00e1gneses sug\u00e1rforr\u00e1s, felt\u00e9telezhet\u0151, hogy ez az er\u0151forr\u00e1s a vulvovaginitis kezel\u00e9s\u00e9nek nem gy\u00f3gyszeres alternat\u00edv\u00e1ja lehet.<\/p>\n<p>[\/vc_column_text][\/vc_column][vc_column][vc_tta_accordion c_align=&#8221;center&#8221; active_section=&#8221;99&#8243; collapsible_all=&#8221;true&#8221;][vc_tta_section title=&#8221;Esettanulm\u00e1ny&#8221; tab_id=&#8221;1759052684355-f5029d8b-ae84&#8243;][vc_column_text css=&#8221;&#8221;]<\/p>\n<p style=\"text-align: justify\">K\u00eds\u00e9rleti vizsg\u00e1latot v\u00e9geztek egy 52 \u00e9ves p\u00e1ciensen, akinek a VVC klinikai diagn\u00f3zisa teny\u00e9szt\u00e9ssel \u00e9s friss h\u00fcvelymint\u00e1k vizsg\u00e1lat\u00e1val igazolt, csom\u00f3s h\u00fcvelyv\u00e1lad\u00e9k \u00e9s viszket\u00e9si panasz miatt. A szem\u00e9remtestet \u00e9s a h\u00fcvelyt 401 \u00b1 5 nm-es ultraibolya\/k\u00e9k LED besug\u00e1rz\u00e1snak tett\u00fck ki egyetlen munkamenetben, k\u00e9t alkalmaz\u00e1sra osztva. A kezel\u00e9s ut\u00e1n 21 nappal \u00fajra\u00e9rt\u00e9kel\u00e9sre ker\u00fclt sor. A f\u00e9nykibocs\u00e1t\u00f3 eszk\u00f6z l\u00e1that\u00f3 spektrum\u00fa volt, az ibolya \u00e9s a k\u00e9k tartom\u00e1nyban, \u00e9s a maxim\u00e1lis h\u0151m\u00e9rs\u00e9klet-emelked\u00e9s 7 \u00b0C volt. Az \u00fajra\u00e9rt\u00e9kel\u00e9s sor\u00e1n a <strong>teny\u00e9szet gomba negat\u00edvnak bizonyult, a beteg jelei \u00e9s t\u00fcnetei elt\u0171ntek<\/strong>. A 401 \u00b1 5 nm-es spektrum\u00fa f\u00e9nykibocs\u00e1t\u00f3 k\u00e9sz\u00fcl\u00e9k potenci\u00e1lisan alternat\u00edv kezel\u00e9si m\u00f3d lehet VVC-ben szenved\u0151 n\u0151k sz\u00e1m\u00e1ra, mivel ez a p\u00e1ciens\u00fcnk klinikai \u00e9s mikrobiol\u00f3giai probl\u00e9m\u00e1inak megold\u00e1s\u00e1hoz vezetett.<\/p>\n<p>Forr\u00e1s: <a href=\"https:\/\/link.springer.com\/article\/10.1007\/s10103-019-02782-9\" target=\"_blank\" rel=\"noopener\">https:\/\/link.springer.com\/article\/10.1007\/s10103-019-02782-9<\/a><\/p>\n<p>[\/vc_column_text][\/vc_tta_section][\/vc_tta_accordion][\/vc_column][vc_column]<div class=\"es-resp\">\t<div class=\"visible-xl\" style=\"height: 20px;\"><\/div>\t<div class=\"hidden-xl hidden-md hidden-sm hidden-ms hidden-xs\" style=\"height: 20px;\"><\/div>\t<div class=\"visible-md\" style=\"height: 20px;\"><\/div>\t<div class=\"visible-sm \" style=\"height: 20px;\"><\/div>\t<div class=\"visible-ms\" style=\"height: 30px;\"><\/div>\t<div class=\"visible-xs\" style=\"height: 30px;\"><\/div><\/div>[\/vc_column][\/vc_row][vc_row][vc_column width=&#8221;4\/12&#8243;][vc_column_text css=&#8221;&#8221;]<strong>Ellenjavallatok, a k\u00e9sz\u00fcl\u00e9k haszn\u00e1lata NEM JAVASOLT vagy TILOS az al\u00e1bbi esetekben:<\/strong><\/p>\n<ul>\n<li>Szemre<\/li>\n<li>Terhess\u00e9g ideje alatt<\/li>\n<li>Sz\u00edvritmus-szab\u00e1lyoz\u00f3 (pacemaker) visel\u00e9se eset\u00e9n<\/li>\n<li>Menstru\u00e1ci\u00f3 ideje alatt<\/li>\n<li>IUD (spir\u00e1l) alkalmaz\u00e1sakor<\/li>\n<li>V\u00e9rz\u00e9kenys\u00e9g fenn\u00e1ll\u00e1sakor<\/li>\n<li>F\u00e9ny\u00e9rz\u00e9kenys\u00e9g eset\u00e9n<\/li>\n<li>Olyan \u00e1llapotokn\u00e1l, ahol az orvos egy\u00e9rtelm\u0171en nem javasolja a f\u00e9ny- vagy h\u0151alap\u00fa kezel\u00e9st<\/li>\n<li>A ter\u00fclet daganatos betegs\u00e9ge eset\u00e9n<\/li>\n<li>Ismeretlen eredet\u0171 probl\u00e9ma eset\u00e9n<\/li>\n<\/ul>\n<p>[\/vc_column_text][\/vc_column][vc_column width=&#8221;5\/12&#8243;][vc_single_image image=&#8221;11586&#8243; img_size=&#8221;full&#8221; alignment=&#8221;center&#8221; css=&#8221;&#8221;][\/vc_column][vc_column width=&#8221;3\/12&#8243;][vc_column_text css=&#8221;&#8221;]<strong>Figyelmeztet\u00e9sek:<\/strong><\/p>\n<ul>\n<li>18 \u00e9v feletti, feln\u0151tt, \u00f6n\u00e1ll\u00f3an cselekv\u0151k\u00e9pes ember haszn\u00e1lhatja.<\/li>\n<li>Az \u00e1tl\u00e1tsz\u00f3 burkolat n\u00e9lk\u00fcl tilos a haszn\u00e1lata.<\/li>\n<li>V\u00e9d\u0151szem\u00fcveg haszn\u00e1lata k\u00f6telez\u0151, amennyiben nincs behelyezve a k\u00e9sz\u00fcl\u00e9k a h\u00fcvelybe.<\/li>\n<li>T\u00falzott meleged\u00e9s eset\u00e9n vegye vissza a fokozatot, vagy fejezze be a kezel\u00e9st.<\/li>\n<\/ul>\n<p>[\/vc_column_text][\/vc_column][vc_column][vc_zigzag el_border_width=&#8221;8&#8243;]<div class=\"es-resp\">\t<div class=\"visible-xl\" style=\"height: 60px;\"><\/div>\t<div class=\"hidden-xl hidden-md hidden-sm hidden-ms hidden-xs\" style=\"height: 50px;\"><\/div>\t<div class=\"visible-md\" style=\"height: 40px;\"><\/div>\t<div class=\"visible-sm \" style=\"height: 35px;\"><\/div>\t<div class=\"visible-ms\" style=\"height: 30px;\"><\/div>\t<div class=\"visible-xs\" style=\"height: 20px;\"><\/div><\/div>[\/vc_column][vc_column][\/vc_column][\/vc_row][vc_row][vc_column width=&#8221;3\/5&#8243;][vc_column_text css=&#8221;&#8221;]<\/p>\n<h6 style=\"text-align: center\"><em><strong><u>L\u00e9zertechnol\u00f3gia<\/u><\/strong><\/em><\/h6>\n<p><strong>A l\u00e1gyl\u00e9zer f\u00e9ny hat\u00e1smechanizmusa<\/strong><\/p>\n<p style=\"text-align: justify\"><strong>A l\u00e1gy-l\u00e9zer az \u00e9l\u0151 szervezetre biostimul\u00e1ci\u00f3s (serkent\u0151) hat\u00e1st fejt ki.<\/strong> Ez annyit jelent, hogy a sejtek, sz\u00f6vetek l\u00e1gy-l\u00e9zerf\u00e9nnyel vil\u00e1g\u00edtva gyorsabban k\u00e9pesek regener\u00e1l\u00f3dni\u00a0(pl. a sebgy\u00f3gyul\u00e1s felgyorsul). A l\u00e9zerf\u00e9ny hat\u00e1s\u00e1ra a sejtek anyagcser\u00e9je fokoz\u00f3dik,\u00a0 s\u0151t \u00faj sejtek, sz\u00f6vetek \u00e9s \u00faj hajsz\u00e1lerek is k\u00e9pz\u0151dnek.<\/p>\n<p><strong>\u00d6sszefoglalva: a l\u00e9zerf\u00e9ny serkenti a test \u00f6ngy\u00f3gy\u00edt\u00f3 k\u00e9pess\u00e9g\u00e9t.<\/strong>[\/vc_column_text][vc_column_text css=&#8221;&#8221;]<strong>L\u00e1gyl\u00e9zer hat\u00e1smechanizmusa a szervezet sejtjeire<\/strong><\/p>\n<p style=\"text-align: justify\">A sejtek energiah\u00e1ztart\u00e1sa nagyban f\u00fcgg a mitokondriumok \u00e1ltal termelt <strong>ATP<\/strong> (adenozin-trifoszf\u00e1t) mennyis\u00e9g\u00e9t\u0151l, amihez elengedhetetlen az oxig\u00e9n is. A sejtl\u00e9gz\u00e9si folyamat sor\u00e1n a citokr\u00f3m-c oxid\u00e1z enzimkomplexum n\u00e9lk\u00fcl\u00f6zhetetlen szerepet t\u00f6lt be az oxig\u00e9n molekul\u00e1k megk\u00f6t\u00e9s\u00e9ben \u00e9s tov\u00e1bb\u00edt\u00e1s\u00e1ban a sejtmembr\u00e1non kereszt\u00fcl. Gyullad\u00e1sos \u00e1llapotban nitrog\u00e9n-monoxid k\u00e9pz\u0151dik, amely az oxig\u00e9n helyett kapcsol\u00f3dik ehhez az enzimkomplexumhoz, ezzel akad\u00e1lyozva az ATP folyamatos termel\u00e9s\u00e9t. Az infrav\u00f6r\u00f6s l\u00e9zerf\u00e9ny a citokr\u00f3m-c oxid\u00e1z megvil\u00e1g\u00edt\u00e1s\u00e1val lebontja a nitrog\u00e9n-monoxidot, lehet\u0151v\u00e9 t\u00e9ve az oxig\u00e9n \u00fajra-megk\u00f6t\u00e9s\u00e9t \u00e9s az ATP termel\u00e9s normaliz\u00e1l\u00e1s\u00e1t,<strong> javul\u00f3 immunfolyamatokat eredm\u00e9nyezve.<\/strong><\/p>\n<p>[\/vc_column_text][\/vc_column][vc_column width=&#8221;2\/5&#8243;][vc_single_image image=&#8221;10779&#8243; img_size=&#8221;full&#8221; alignment=&#8221;center&#8221; css=&#8221;&#8221;][\/vc_column][vc_column][vc_column_text css=&#8221;.vc_custom_1763976545339{padding-top: 15px !important;}&#8221;]<\/p>\n<p style=\"text-align: justify\">A l\u00e9zerf\u00e9ny fotonjait k\u00f6zvetlen\u00fcl elnyelik a kromoforok (sz\u00ednhordoz\u00f3 molekul\u00e1ris enzimek a sejtekben), amelyek megtal\u00e1lhat\u00f3k szervezet\u00fcnk legt\u00f6bb sejtj\u00e9ben. A l\u00e9zerf\u00e9ny elnyel\u0151d\u00e9se aktiv\u00e1l bizonyos enzimfolyamatokat, melyek <strong>beind\u00edtj\u00e1k az ATP termel\u0151d\u00e9s\u00e9t. <\/strong>Az ATP (adenozin-trifoszf\u00e1t) az egyetlen \u00e9s legfontosabb form\u00e1ja az energi\u00e1nak, minden k\u00e9miai reakci\u00f3t m\u0171k\u00f6dtet, a szervezet minden sejtj\u00e9ben. A <strong>megn\u00f6velt energiatermel\u00e9s <\/strong>k\u00f6vetkezm\u00e9nye a gyorsabb, <strong>hat\u00e9konyabb m\u0171k\u00f6d\u00e9s \u00e9s<\/strong> <strong>regener\u00e1l\u00f3d\u00e1s,<\/strong> k\u00fcl\u00f6n\u00f6sen igaz ez az immunrendszer-specifikus sejtekre. Ez a fokozott hat\u00e9konys\u00e1g <strong>seg\u00edti az immunrendszert, <\/strong>hogy legy\u0151zze a nemk\u00edv\u00e1natos mikrob\u00e1kat \u00e9s k\u00f3rokoz\u00f3kat.<\/p>\n<p>[\/vc_column_text][\/vc_column][\/vc_row][vc_row][vc_column][vc_zigzag el_border_width=&#8221;8&#8243;]<div class=\"es-resp\">\t<div class=\"visible-xl\" style=\"height: 60px;\"><\/div>\t<div class=\"hidden-xl hidden-md hidden-sm hidden-ms hidden-xs\" style=\"height: 50px;\"><\/div>\t<div class=\"visible-md\" style=\"height: 40px;\"><\/div>\t<div class=\"visible-sm \" style=\"height: 35px;\"><\/div>\t<div class=\"visible-ms\" style=\"height: 30px;\"><\/div>\t<div class=\"visible-xs\" style=\"height: 20px;\"><\/div><\/div>[\/vc_column][\/vc_row][vc_row][vc_column][vc_column_text css=&#8221;&#8221;]<\/p>\n<h6 style=\"text-align: center\"><em><strong>650-660 nm \u00e9s 450-470 nm l\u00e1gyl\u00e9zerek hat\u00e1sai<\/strong><\/em><\/h6>\n<p>[\/vc_column_text]<div class=\"es-resp\">\t<div class=\"visible-xl\" style=\"height: 60px;\"><\/div>\t<div class=\"hidden-xl hidden-md hidden-sm hidden-ms hidden-xs\" style=\"height: 60px;\"><\/div>\t<div class=\"visible-md\" style=\"height: 60px;\"><\/div>\t<div class=\"visible-sm \" style=\"height: 60px;\"><\/div>\t<div class=\"visible-ms\" style=\"height: 30px;\"><\/div>\t<div class=\"visible-xs\" style=\"height: 30px;\"><\/div><\/div>[\/vc_column][\/vc_row][vc_row][vc_column width=&#8221;5\/12&#8243;][vc_single_image image=&#8221;10467&#8243; img_size=&#8221;full&#8221; alignment=&#8221;center&#8221; css=&#8221;&#8221;][\/vc_column][vc_column width=&#8221;7\/12&#8243;][vc_column_text css=&#8221;&#8221;]<\/p>\n<h6 style=\"text-align: center\"><em><strong>650-660 nm (v\u00f6r\u00f6s) l\u00e1gyl\u00e9zer hat\u00e1sai:<\/strong><\/em><\/h6>\n<p>A 650-660 nm-es hull\u00e1mhossz\u00fa l\u00e1gyl\u00e9zer a v\u00f6r\u00f6s f\u00e9ny tartom\u00e1ny\u00e1ba esik, behatol a sz\u00f6vetekbe, \u00edgy sz\u00e1mos j\u00f3t\u00e9kony hat\u00e1ssal rendelkezik:<\/p>\n<ul>\n<li><strong>Sejtregener\u00e1ci\u00f3 \u00e9s sebgy\u00f3gyul\u00e1s:<\/strong> Serkenti a sejtek energiatermel\u00e9s\u00e9t (ATP-szint\u00e9zis), amely gyorsabb sz\u00f6vetregener\u00e1ci\u00f3t eredm\u00e9nyez. Stimul\u00e1l\u00f3 hat\u00e1ssal van az \u00faj sejtek k\u00e9pz\u0151d\u00e9s\u00e9re. Szab\u00e1lyozza a sejtek k\u00f6z\u00f6tti folyamatokat<\/li>\n<li><strong>Gyullad\u00e1scs\u00f6kkent\u0151 hat\u00e1s:<\/strong> Cs\u00f6kkenti a gyullad\u00e1st \u00e9s a f\u00e1jdalmat, seg\u00edtve az \u00edz\u00fcleti probl\u00e9m\u00e1k, sports\u00e9r\u00fcl\u00e9sek \u00e9s kr\u00f3nikus f\u00e1jdalmak kezel\u00e9s\u00e9t.<\/li>\n<li>Fokozza az endorfinok \u00e9s enkefalinok termel\u00e9s\u00e9t, illetve felszabadul\u00e1s\u00e1t, melyek term\u00e9szetes f\u00e1jdalomcsillap\u00edt\u00f3 vegyi anyagok a szervezet\u00fcnkben, ez\u00e1ltal <strong>cs\u00f6kkentik a f\u00e1jdalom\u00e9rzetet<\/strong>.<\/li>\n<li><strong>V\u00e9rkering\u00e9sre gyakorolt hat\u00e1s:<\/strong> T\u00e1g\u00edtja az ereket, fokozza a mikrocirkul\u00e1ci\u00f3t, ami jobb oxig\u00e9n- \u00e9s t\u00e1panyagsz\u00e1ll\u00edt\u00e1st eredm\u00e9nyez a sz\u00f6vetekben, \u00edgy el\u0151seg\u00edtve a sejtek regener\u00e1ci\u00f3j\u00e1t \u00e9s a m\u00e9reganyagok elt\u00e1vol\u00edt\u00e1s\u00e1t. A l\u00e9zerter\u00e1pia hat\u00e1s\u00e1ra kit\u00e1gulnak a kisebb art\u00e9ri\u00e1k \u00e9s a nyirok erek. Ez a megn\u00f6vekedett \u00e9rt\u00e1gulat lehet\u0151v\u00e9 teszi, hogy a <strong>duzzanatot (\u00f6d\u00e9m\u00e1t)<\/strong> okoz\u00f3 folyad\u00e9kgy\u00fclem hat\u00e9konyan <strong>elt\u00e1vozzon<\/strong> a s\u00e9r\u00fclt ter\u00fcletekr\u0151l. A nyirokerek kit\u00e1gul\u00e1sa tov\u00e1bb\u00e1 jav\u00edtja a nyirokkering\u00e9st, mely el\u0151seg\u00edti ezt a l\u00e9tfontoss\u00e1g\u00fa gy\u00f3gyul\u00e1si folyamatot.<\/li>\n<li><strong>Immunrendszer t\u00e1mogat\u00e1sa:<\/strong> Jav\u00edtja a v\u00e9rkering\u00e9st \u00e9s n\u00f6veli a feh\u00e9rv\u00e9rsejtek aktivit\u00e1s\u00e1t, el\u0151seg\u00edtve a gyorsabb gy\u00f3gyul\u00e1st.<\/li>\n<li><strong>Kollag\u00e9ntermel\u00e9s fokoz\u00e1sa:<\/strong> Hozz\u00e1j\u00e1rul a b\u0151r feszess\u00e9g\u00e9hez, r\u00e1ncok cs\u00f6kkent\u00e9s\u00e9hez \u00e9s sebhelyek gy\u00f3gyul\u00e1s\u00e1hoz. Jelent\u0151sen javul a b\u0151r kollag\u00e9ntermel\u0151 k\u00e9pess\u00e9ge.<\/li>\n<li><strong>Fibroblaszt-aktiv\u00e1ci\u00f3 \u00e9s kollag\u00e9n\u00e9p\u00edt\u00e9s:<\/strong> Serkenti a fibroblasztok m\u0171k\u00f6d\u00e9s\u00e9t, amelyek kulcsszerepet j\u00e1tszanak a kollag\u00e9n \u00e9s elasztin termel\u00e9s\u00e9ben, \u00edgy jav\u00edtva a b\u0151r szerkezet\u00e9t \u00e9s rugalmass\u00e1g\u00e1t.<\/li>\n<\/ul>\n<p>[\/vc_column_text][\/vc_column][vc_column][vc_column_text css=&#8221;&#8221;]<strong><u>Fibroblasztok:<\/u><\/strong><\/p>\n<p style=\"text-align: justify\"><strong>L\u00e9zeres kezel\u00e9s hat\u00e1s\u00e1ra <\/strong>sejt \u00e9s sz\u00f6vet regener\u00e1l\u00f3d\u00e1si folyamat indul el, melynek k\u00f6zvetlen hat\u00e1sa a <strong>fibroblaszt sejtek megn\u00f6vekedett m\u0171k\u00f6d\u00e9se <\/strong>\u00e9s ez\u00e1ltal a <strong>kollag\u00e9nszint\u00e9zis jelent\u0151s javul\u00e1sa.<\/strong><\/p>\n<p style=\"text-align: justify\"><strong>N\u00f6veli a hajsz\u00e1l\u00e9r-h\u00e1l\u00f3zat \u00e9s nyirokrendszer \u00e1tereszt\u0151k\u00e9pess\u00e9g\u00e9t <\/strong>fokozottan fog kollag\u00e9nt, gliko-aminoglik\u00e1nokat, reticul\u00e1ris \u00e9s elasztikus rostokat, valamint glikoproteineket termelni, melyeknek jelent\u0151s szerepe van <strong>a b\u0151r fiatalon tart\u00e1s\u00e1ban, meg\u00fajul\u00e1s\u00e1ban.<\/strong><\/p>\n<p>[\/vc_column_text][vc_column_text css=&#8221;&#8221;]<\/p>\n<p style=\"text-align: justify\">A l\u00e9zerter\u00e1pia <strong>serkenti a fibroblasztok termel\u0151d\u00e9s\u00e9t, melyek sz\u00fcks\u00e9ges \u00e9p\u00edt\u0151elemei a kollag\u00e9ntermel\u00e9snek. <\/strong>A kollag\u00e9n az a l\u00e9nyeges feh\u00e9rje, mely elengedhetetlen a r\u00e9gi sz\u00f6vetek meg\u00fajul\u00e1s\u00e1hoz, illetve a s\u00e9r\u00fclt sz\u00f6vetek gy\u00f3gyul\u00e1s\u00e1hoz. A l\u00e9zerter\u00e1pia kollag\u00e9ntermel\u00e9st fokoz\u00f3 hat\u00e1sa miatt <strong>rendk\u00edv\u00fcl hat\u00e9kony ny\u00edlt sebek \u00e9s \u00e9g\u00e9si s\u00e9r\u00fcl\u00e9sek kezel\u00e9s\u00e9ben. H\u00e1ms\u00e9r\u00fcl\u00e9sek, horzsol\u00e1sok, \u00e9g\u00e9si s\u00e9r\u00fcl\u00e9sek, <\/strong>oper\u00e1ci\u00f3 ut\u00e1ni <strong>sebek <\/strong>eset\u00e9n el\u0151seg\u00edti a norm\u00e1lis sz\u00f6vetek regener\u00e1ci\u00f3j\u00e1t. A <strong>b\u0151rgyullad\u00e1s, at\u00f3pi\u00e1s dermatitisz, neurodermatitisz <\/strong>gy\u00f3gyul\u00e1s\u00e1t felgyors\u00edtja. <strong>Serkenti a b\u0151r kollag\u00e9n \u00e9s elasztin termel\u00e9s\u00e9t, jav\u00edtja a b\u0151r feszess\u00e9g\u00e9t, rugalmass\u00e1g\u00e1t.<\/strong><\/p>\n<p style=\"text-align: justify\">Az eg\u00e9szs\u00e9ges hum\u00e1n fibroblasztok jobb sejtprolifer\u00e1ci\u00f3t \u00e9s kollag\u00e9nszint\u00e9zist mutattak, ha 635 nm+830 nm vagy 830 nm hull\u00e1mhosszon sug\u00e1rozt\u00e1k be \u0151ket.<\/p>\n<p style=\"text-align: justify\">A 650-660 nm-es l\u00e1gyl\u00e9zer k\u00fcl\u00f6n\u00f6sen hat\u00e9kony a b\u0151rprobl\u00e9m\u00e1k, sebek, fek\u00e9lyek, \u00edz\u00fcleti f\u00e1jdalmak \u00e9s gyullad\u00e1sok kezel\u00e9s\u00e9ben.<\/p>\n<p style=\"text-align: justify\"><strong>Vagina sz\u0171k\u00edt\u0151 hat\u00e1s:<\/strong> <strong>A kollag\u00e9ntermel\u00e9s fokoz\u00e1s\u00e1val \u00e9s a sz\u00f6vetek rugalmass\u00e1g\u00e1nak jav\u00edt\u00e1s\u00e1val el\u0151seg\u00edtheti a h\u00fcvelyfal feszes\u00edt\u00e9s\u00e9t \u00e9s regener\u00e1l\u00f3d\u00e1s\u00e1t.<\/strong><\/p>\n<p>[\/vc_column_text][vc_zigzag el_border_width=&#8221;8&#8243;]<div class=\"es-resp\">\t<div class=\"visible-xl\" style=\"height: 60px;\"><\/div>\t<div class=\"hidden-xl hidden-md hidden-sm hidden-ms hidden-xs\" style=\"height: 60px;\"><\/div>\t<div class=\"visible-md\" style=\"height: 60px;\"><\/div>\t<div class=\"visible-sm \" style=\"height: 60px;\"><\/div>\t<div class=\"visible-ms\" style=\"height: 30px;\"><\/div>\t<div class=\"visible-xs\" style=\"height: 30px;\"><\/div><\/div>[\/vc_column][\/vc_row][vc_row][vc_column width=&#8221;7\/12&#8243;][vc_column_text css=&#8221;&#8221;]<\/p>\n<h6 style=\"text-align: center\"><em><strong>450-470 nm (k\u00e9k) l\u00e1gyl\u00e9zer hat\u00e1sai<\/strong><\/em><\/h6>\n<p style=\"text-align: justify\">A 450-470 nm-es k\u00e9k f\u00e9ny\u0171 l\u00e1gyl\u00e9zer a fel\u00fcleti sz\u00f6vetekre hat legink\u00e1bb, \u00e9s els\u0151sorban <strong>antibakteri\u00e1lis, gombaellenes \u00e9s gyullad\u00e1scs\u00f6kkent\u0151<\/strong> tulajdons\u00e1gai miatt n\u00e9pszer\u0171 <strong>\u00e9s \u00f3ri\u00e1si seg\u00edts\u00e9g az ilyen betegs\u00e9gek gy\u00f3gy\u00edt\u00e1s\u00e1ban<\/strong>.<\/p>\n<p style=\"text-align: justify\"><strong>Gyullad\u00e1scs\u00f6kkent\u00e9s:<\/strong> M\u00e9rs\u00e9kli a b\u0151r v\u00f6r\u00f6ss\u00e9g\u00e9t \u00e9s irrit\u00e1ci\u00f3j\u00e1t, ami k\u00fcl\u00f6n\u00f6sen el\u0151ny\u00f6s \u00e9rz\u00e9keny b\u0151r eset\u00e9n. A k\u00e9k l\u00e9zer kiemelked\u0151 gyullad\u00e1scs\u00f6kkent\u0151 k\u00e9pess\u00e9ggel b\u00edr. A gyullad\u00e1s a szervezet v\u00e9dekez\u0151 mechanizmusa, amely gyakran f\u00e1jdalommal \u00e9s duzzanattal j\u00e1r. A k\u00e9k l\u00e9zer ter\u00e1pia, c\u00e9lzott alkalmaz\u00e1s\u00e1val, hat\u00e9konyan csillap\u00edtja a gyullad\u00e1sos folyamatokat, el\u0151seg\u00edtve ezzel a gyorsabb gy\u00f3gyul\u00e1st.<\/p>\n<p style=\"text-align: justify\"><strong>Sebgy\u00f3gyul\u00e1s el\u0151seg\u00edt\u00e9se:<\/strong> Felgyors\u00edtja a kisebb sebek, v\u00e1g\u00e1sok \u00e9s horzsol\u00e1sok gy\u00f3gyul\u00e1s\u00e1t. Tov\u00e1bbi \u00e9lettani hat\u00e1sai k\u00f6z\u00e9 tartozik a sebek \u00e9s b\u0151relv\u00e1ltoz\u00e1sok kezel\u00e9se. A k\u00e9k l\u00e9zer el\u0151seg\u00edtheti a sebek gyorsabb gy\u00f3gyul\u00e1s\u00e1t \u00e9s a b\u0151rmin\u0151s\u00e9g javul\u00e1s\u00e1t, \u00edgy sz\u00e1mos seb\u00e9szeti kezel\u00e9s kieg\u00e9sz\u00edt\u0151 eszk\u00f6zek\u00e9nt alkalmazhat\u00f3.<\/p>\n<p style=\"text-align: justify\">A 450-470 nm-es l\u00e1gyl\u00e9zer legink\u00e1bb b\u0151rprobl\u00e9m\u00e1k kezel\u00e9s\u00e9re, k\u00f3rokoz\u00f3k sz\u00e1m\u00e1nak cs\u00f6kkent\u00e9s\u00e9re \u00e9s gyullad\u00e1scs\u00f6kkent\u00e9sre alkalmas.<\/p>\n<p style=\"text-align: justify\"><strong>F\u00e1jdalomcsillap\u00edt\u00e1s:<\/strong> Cs\u00f6kkenti a f\u00e1jdalmat \u00e9s a kellemetlen \u00e9rz\u00e9seket bizonyos b\u0151rbetegs\u00e9gek, p\u00e9ld\u00e1ul ekc\u00e9ma vagy psoriasis eset\u00e9n.<\/p>\n<p>[\/vc_column_text][\/vc_column][vc_column width=&#8221;5\/12&#8243;][vc_single_image image=&#8221;10592&#8243; img_size=&#8221;full&#8221; alignment=&#8221;center&#8221; css=&#8221;&#8221;][\/vc_column][vc_column]<div class=\"es-resp\">\t<div class=\"visible-xl\" style=\"height: 60px;\"><\/div>\t<div class=\"hidden-xl hidden-md hidden-sm hidden-ms hidden-xs\" style=\"height: 60px;\"><\/div>\t<div class=\"visible-md\" style=\"height: 60px;\"><\/div>\t<div class=\"visible-sm \" style=\"height: 60px;\"><\/div>\t<div class=\"visible-ms\" style=\"height: 30px;\"><\/div>\t<div class=\"visible-xs\" style=\"height: 30px;\"><\/div><\/div>[vc_column_text css=&#8221;&#8221;]<\/p>\n<p style=\"text-align: justify\"><strong>Gomba- \u00e9s v\u00edrusellenes hat\u00e1s:<\/strong> K\u00e9pes elpuszt\u00edtani bizonyos k\u00f3rokoz\u00f3kat, \u00edgy hat\u00e9konyan alkalmazhat\u00f3 gomb\u00e1s \u00e9s v\u00edrusos b\u0151rfert\u0151z\u00e9sek eset\u00e9n. Seg\u00edthet a gomb\u00e1s \u00e9s v\u00edrusos fert\u0151z\u00e9sek lek\u00fczd\u00e9s\u00e9ben, t\u00e1mogatva a szervezet term\u00e9szetes v\u00e9dekez\u0151k\u00e9pess\u00e9g\u00e9t.<\/p>\n<p style=\"text-align: justify\"><strong>Antibakteri\u00e1lis hat\u00e1s:<\/strong> Hat\u00e9konyan puszt\u00edtja a bakt\u00e9riumokat \u00e9s cs\u00f6kkenti a b\u0151rfert\u0151z\u00e9sek kock\u00e1zat\u00e1t, \u00edgy alkalmas akn\u00e9, pattan\u00e1sok \u00e9s egy\u00e9b b\u0151rfert\u0151z\u00e9sek kezel\u00e9s\u00e9re is.<\/p>\n<p>[\/vc_column_text][vc_tta_accordion c_align=&#8221;center&#8221; active_section=&#8221;99&#8243; collapsible_all=&#8221;true&#8221;][vc_tta_section title=&#8221;Kivonatok n\u00e9h\u00e1ny klinikai kutat\u00e1sb\u00f3l a bakt\u00e9rium cs\u00f6kkent\u0151 hat\u00e1sra:&#8221; tab_id=&#8221;1759056850181-249c9109-eda8&#8243;][vc_column_text css=&#8221;&#8221;]<\/p>\n<p style=\"text-align: justify\">A k\u00e9k l\u00e9zer g\u00e1tolta a <strong>Staphylococcus aureus\u00a0\u00e9s\u00a0a Pseudomonas aeruginosa<\/strong>\u00a0bakt\u00e9riumok n\u00f6veked\u00e9s\u00e9t\u00a06 Joule\/cm2 feletti kezel\u00e9sekn\u00e9l. M\u00e1sr\u00e9szt\u00a0az <strong>E. Coli<\/strong>\u00a0bakt\u00e9rium minden vizsg\u00e1lt kezel\u00e9sen g\u00e1tolt volt, kiv\u00e9ve 24 J\/cm2-n\u00e9l.<strong><em>\u00a0K\u00f6vetkeztet\u00e9sek:<\/em><\/strong>\u00a0A k\u00e9k l\u00e9zerf\u00e9ny k\u00e9pes volt g\u00e1tolni a bakt\u00e9riumok n\u00f6veked\u00e9s\u00e9t alacsony d\u00f3zis mellett az id\u0151 m\u00fal\u00e1s\u00e1val is, \u00edgy nem mutatott id\u0151f\u00fcgg\u0151 hat\u00e1st.<\/p>\n<p style=\"text-align: justify\">A bakteri\u00e1lis fert\u0151z\u00e9sek eset\u00e9ben l\u00e9tezik a k\u00e9k f\u00e9ny ter\u00e1pi\u00e1s ablaka, ahol a bakt\u00e9riumokat a k\u00e9k f\u00e9ny szelekt\u00edven inaktiv\u00e1lja, mik\u00f6zben a gazdasz\u00f6vet sejtjei megmaradnak. A k\u00e9kf\u00e9ny-ter\u00e1pia k\u00e9pes gyorsan cs\u00f6kkenteni az SSTI (<strong>Streptococcus<\/strong>) bakt\u00e9riumterhel\u00e9s\u00e9t.<\/p>\n<p style=\"text-align: justify\"><a href=\"https:\/\/www.liebertpub.com\/doi\/abs\/10.1089\/pho.2014.3854\" target=\"_blank\" rel=\"noopener\">https:\/\/www.liebertpub.com\/doi\/abs\/10.1089\/pho.2014.3854<\/a><\/p>\n<p style=\"text-align: justify\">\u00a0LED \u00e9s a l\u00e9zer antimikrobi\u00e1lis hat\u00e1sa nem k\u00fcl\u00f6nb\u00f6z\u00f6tt statisztikailag az egyes kezel\u00e9sekn\u00e9l. B\u00e1rmelyik f\u00e9nyforr\u00e1ssal el\u00e9rt bakt\u00e9riumszaporod\u00e1s-g\u00e1tl\u00e1s megn\u00f6vekedett ism\u00e9telt besug\u00e1rz\u00e1ssal, k\u00fcl\u00f6n\u00f6sen a 15 vagy 30 perces kezel\u00e9si id\u0151intervallumban. \u00cdgy arra a k\u00f6vetkeztet\u00e9sre jutottunk, hogy a 405 nm-es l\u00e9zer \u00e9s a 405 nm-es LED antimikrobi\u00e1lis hat\u00e1sa az MRSA-ra <em>Staphylococcus aureusra <\/em>hasonl\u00f3; egyik sem rendelkezik jobb antimikrobi\u00e1lis hat\u00e1ssal a m\u00e1sikhoz k\u00e9pest. Az antibakteri\u00e1lis hat\u00e1sa is kiemelend\u0151, hiszen a k\u00e9k l\u00e9zer bizonyos bakt\u00e9riumok f\u00e9ny\u00e9rz\u00e9keny komponenseire c\u00e9loz. Ez a megk\u00f6zel\u00edt\u00e9s cs\u00f6kkenti a k\u00f3rokoz\u00f3k sz\u00e1m\u00e1t a kezelt ter\u00fcleteken, \u00edgy g\u00e1tolva a k\u00f3rokoz\u00f3k elterjed\u00e9s\u00e9t \u00e9s szaporod\u00e1s\u00e1t. Az ilyen tulajdons\u00e1gai k\u00fcl\u00f6n\u00f6sen \u00e9rt\u00e9kesek a k\u00f3rh\u00e1zi fert\u0151z\u00e9sek kezel\u00e9s\u00e9ben.<\/p>\n<p style=\"text-align: justify\"><a href=\"https:\/\/link.springer.com\/article\/10.1007\/s10103-015-1799-1\" target=\"_blank\" rel=\"noopener\">https:\/\/link.springer.com\/article\/10.1007\/s10103-015-1799-1<\/a><\/p>\n<p>[\/vc_column_text][\/vc_tta_section][vc_tta_section title=&#8221;Kivonatok n\u00e9h\u00e1ny klinikai kutat\u00e1sb\u00f3l a gomba cs\u00f6kkent\u0151 hat\u00e1sr\u00f3l:&#8221; tab_id=&#8221;1759056850235-3e9bc107-0665&#8243;][vc_column_text css=&#8221;&#8221;]<\/p>\n<p style=\"text-align: justify\">A toluidink\u00e9k, a metil\u00e9nk\u00e9k \u00e9s a malachitz\u00f6ld hat\u00e9kony f\u00e9ny\u00e9rz\u00e9keny\u00edt\u0151 szerek voltak\u00a0<em>a <strong>Candida albicans<\/strong><\/em>\u00a0elleni antimikrobi\u00e1lis fotodinamikus ter\u00e1pi\u00e1ban, csak\u00fagy, mint a kis teljes\u00edtm\u00e9ny\u0171 l\u00e9zeres besug\u00e1rz\u00e1s \u00f6nmag\u00e1ban.<\/p>\n<p style=\"text-align: justify\">Az eredm\u00e9nyek azt mutatt\u00e1k, hogy a <strong>gazdasejteket nem g\u00e1tolta<\/strong> szignifik\u00e1nsan a f\u00e9ny, amelynek d\u00f3zisa elegend\u0151 volt a <strong>gomb\u00e1k jelent\u0151s g\u00e1tl\u00e1s\u00e1hoz<\/strong>. Ezen t\u00falmen\u0151en a f\u00e9ny gombasejtekre gyakorolt \u200b\u200bcitotoxikus hat\u00e1s\u00e1nak felt\u00e1r\u00e1sa \u00e9rdek\u00e9ben az induk\u00e1lt intracellul\u00e1ris reakt\u00edv oxig\u00e9nfajt\u00e1kat (ROS) is m\u00e9rt\u00fck. A f\u00e9nystimul\u00e1ci\u00f3 miatti ROS-szintek n\u00f6veked\u00e9se szignifik\u00e1nsnak bizonyult, a f\u00e9nnyel nem kezelt kontrollcsoporthoz k\u00e9pest. \u00d6sszess\u00e9g\u00e9ben az <strong>eredm\u00e9nyek igazolt\u00e1k az<\/strong> <strong>antimikrobi\u00e1lis ter\u00e1pia biztons\u00e1goss\u00e1g\u00e1t a 415 nm hull\u00e1mhossz\u00fa LED l\u00e1mp\u00e1val. <\/strong><\/p>\n<p style=\"text-align: justify\"><a href=\"https:\/\/ieeexplore.ieee.org\/abstract\/document\/9675249\" target=\"_blank\" rel=\"noopener\">https:\/\/ieeexplore.ieee.org\/abstract\/document\/9675249<\/a><\/p>\n<p style=\"text-align: justify\">Egyes v\u00edrusok &#8211; p\u00e9ld\u00e1ul a Covid-19 &#8211; eset\u00e9ben, a k\u00e9k l\u00e9zer szerepe az <strong>oxig\u00e9nszint helyre\u00e1ll\u00edt\u00e1s\u00e1ban<\/strong> is el\u0151t\u00e9rbe ker\u00fclt. A porphyrin-ciklus befoly\u00e1sol\u00e1s\u00e1val a l\u00e9zer el\u0151seg\u00edti a v\u00e9r oxig\u00e9nsz\u00e1ll\u00edt\u00f3 k\u00e9pess\u00e9g\u00e9nek javul\u00e1s\u00e1t. Ez a technika hasznos lehet olyan kezel\u00e9s sor\u00e1n is, ahol a gyorsabb oxig\u00e9nell\u00e1t\u00e1s kritikus t\u00e9nyez\u0151.<\/p>\n<p style=\"text-align: justify\">Az alacsony szint\u0171 l\u00e9zeres 660 nm kezel\u00e9s a <strong>herpes labialis kezel\u00e9s\u00e9ben<\/strong> lehet\u0151s\u00e9gnek tekinthet\u0151, cs\u00f6kkenti a h\u00f3lyagok ki\u00fajul\u00e1s\u00e1nak gyakoris\u00e1g\u00e1t \u00e9s k\u00e9nyelmet biztos\u00edt a betegek sz\u00e1m\u00e1ra. Nem \u00e9szleltek jelent\u0151s akut mell\u00e9khat\u00e1sokat, \u00e9s a l\u00e9zi\u00f3k gyorsan gy\u00f3gyultak.\u00a0A herpes labialis PDT-kezel\u00e9se hat\u00e9kony volt, nem j\u00e1rt mell\u00e9khat\u00e1sokkal, \u00e9s ha l\u00e9zeres f\u00e9nyter\u00e1pi\u00e1val t\u00e1rsult, felgyors\u00edtotta a gy\u00f3gyul\u00e1si folyamatot.<\/p>\n<p style=\"text-align: justify\"><a href=\"https:\/\/www.liebertpub.com\/doi\/abs\/10.1089\/pho.2008.2268\" target=\"_blank\" rel=\"noopener\">https:\/\/www.liebertpub.com\/doi\/abs\/10.1089\/pho.2008.2268<\/a><\/p>\n<p style=\"text-align: justify\">A k\u00e9k l\u00e9zerf\u00e9ny hasonl\u00f3 m\u00f3don j\u00e1r el a <strong>v\u00e9rben<\/strong> <strong>zajl\u00f3 folyamatok<\/strong> sor\u00e1n. A v\u00e9rben tal\u00e1lhat\u00f3 v\u00f6r\u00f6sv\u00e9rsejtek hemoglobinban gazdagok, ezekben van a porphyrin gy\u0171r\u0171, amihez az oxig\u00e9nt megk\u00f6tni k\u00e9pes vasionok kapcsol\u00f3dnak, ez\u00e1ltal lehet\u0151v\u00e9 t\u00e9ve az oxig\u00e9nsz\u00e1ll\u00edt\u00e1st. Az olyan v\u00edrusok, mint p\u00e9ld\u00e1ul a Covid-19 azonban k\u00e9pesek elt\u00e1vol\u00edtani a vasiont, akad\u00e1lyozva az oxig\u00e9n megk\u00f6t\u00e9s\u00e9t \u00e9s cs\u00f6kkentve a v\u00e9roxig\u00e9nszintet, ami a szervek oxig\u00e9nell\u00e1t\u00e1s\u00e1t rontja. Mivel a v\u00e9rben tal\u00e1lhat\u00f3 porphyrin f\u00e9ny\u00e9rz\u00e9keny, a hemoglobin l\u00e9zerrel t\u00f6rt\u00e9n\u0151 megvil\u00e1g\u00edt\u00e1sakor a v\u00edrus lev\u00e1lik a porphyrinr\u0151l, a vasion \u00fajb\u00f3l megk\u00f6t\u0151dhet, helyre\u00e1ll\u00edtva az oxig\u00e9nsz\u00e1ll\u00edt\u00e1st \u00e9s a szervezet norm\u00e1lis m\u0171k\u00f6d\u00e9s\u00e9t.\u00a0A l\u00e9zerf\u00e9ny <strong>jelent\u0151sen megn\u00f6veli a v\u00f6r\u00f6sv\u00e9rsejtek oxig\u00e9n \u00e9s t\u00e1panyag sz\u00e1ll\u00edt\u00f3 kapacit\u00e1s\u00e1t.<\/strong> Ez lehet\u0151v\u00e9 teszi a sejtek fokozott energiatermel\u00e9s\u00e9t, anyagcser\u00e9j\u00e9t, ez\u00e1ltal regener\u00e1ci\u00f3j\u00e1t \u00e9s bizonyos enzimek hat\u00e9konyabb termel\u00e9s\u00e9t. Ennek hat\u00e1sa \u00e9rezhet\u0151 az eg\u00e9sz szervezetben \u00e9s nem csak kiz\u00e1r\u00f3lag a l\u00e9zerf\u00e9nnyel kezelt ter\u00fcleteken.<\/p>\n<p>[\/vc_column_text][\/vc_tta_section][\/vc_tta_accordion][vc_column_text css=&#8221;&#8221;]<\/p>\n<p style=\"text-align: justify\">A 650-660 nm-es \u00e9s 450-470 nm-es l\u00e1gyl\u00e9zerek k\u00fcl\u00f6nb\u00f6z\u0151 m\u00f3don seg\u00edtik a szervezet regener\u00e1ci\u00f3j\u00e1t \u00e9s a k\u00f6t\u0151sz\u00f6vet eg\u00e9szs\u00e9g\u00e9t. M\u00edg a 650-660 nm-es <strong>v\u00f6r\u00f6s f\u00e9ny<\/strong> m\u00e9lyebb r\u00e9tegekben <strong>serkenti a gy\u00f3gyul\u00e1si folyamatokat, a fibroblasztok aktiv\u00e1l\u00e1s\u00e1val \u00e9s a kollag\u00e9ntermel\u00e9s fokoz\u00e1s\u00e1val t\u00e1mogatja a b\u0151r alatti sz\u00f6vet (h\u00fcvelyben h\u00e1m) feszess\u00e9g\u00e9t \u00e9s rugalmass\u00e1g\u00e1t<\/strong>. Ezzel szemben a 450-470 nm-es <strong>k\u00e9k f\u00e9ny els\u0151sorban antibakteri\u00e1lis \u00e9s gyullad\u00e1scs\u00f6kkent\u0151 hat\u00e1sai<\/strong> r\u00e9v\u00e9n j\u00e1rul hozz\u00e1 a b\u0151r \u00e9s a sebek gyorsabb regener\u00e1ci\u00f3j\u00e1hoz. 450-470 nm-es hull\u00e1mhossz <strong>gomba- \u00e9s v\u00edrusellenes<\/strong> tulajdons\u00e1gokkal is rendelkezik, ami tov\u00e1bb n\u00f6veli a ter\u00e1pi\u00e1s hat\u00e9konys\u00e1gukat. Az optim\u00e1lis eredm\u00e9ny \u00e9rdek\u00e9ben a k\u00e9t hull\u00e1mhossz kombin\u00e1ci\u00f3ja is alkalmazhat\u00f3 a k\u00fcl\u00f6nb\u00f6z\u0151 kezel\u00e9si c\u00e9lokhoz. A k\u00e9k l\u00e9zer orvosi alkalmaz\u00e1sainak sokoldal\u00fas\u00e1ga j\u00f3l bizony\u00edtja, mennyire fontos \u00e9s el\u0151ny\u00f6s ez a technol\u00f3gia a modern gy\u00f3gy\u00e1szat szempontj\u00e1b\u00f3l.<\/p>\n<p style=\"text-align: justify\">Az elm\u00falt \u00e9vek kutat\u00e1sai r\u00e1vil\u00e1g\u00edtottak arra, hogy a 450 nm-es k\u00e9k l\u00e9zer nem csup\u00e1n biztons\u00e1gos, hanem rendk\u00edv\u00fcl sokoldal\u00fa is. Alkalmaz\u00e1s\u00e1val kezelhet\u0151k gyullad\u00e1sok, \u00e9s hozz\u00e1j\u00e1rulhat a fert\u0151z\u00e9sek elleni k\u00fczdelemhez is. Ezen t\u00falmen\u0151en, seg\u00edts\u00e9g\u00e9vel a <strong>hemoglobin bizonyos m\u0171k\u00f6d\u00e9si zavarai is megsz\u00fcntethet\u0151ek<\/strong>, amely jelent\u0151s szerepet j\u00e1tszik a szervezet oxig\u00e9n- \u00e9s t\u00e1panyagell\u00e1t\u00e1sban.<\/p>\n<p style=\"text-align: justify\">A k\u00e9k l\u00e9zer nemcsak a kezel\u00e9sek hat\u00e9konys\u00e1g\u00e1t fokozza, hanem egy \u00fajabb l\u00e9p\u00e9st jelent a szem\u00e9lyre szabott \u00e9s innovat\u00edv gy\u00f3gy\u00e1szat fel\u00e9.<\/p>\n<p>[\/vc_column_text][vc_zigzag el_border_width=&#8221;8&#8243;]<div class=\"es-resp\">\t<div class=\"visible-xl\" style=\"height: 60px;\"><\/div>\t<div class=\"hidden-xl hidden-md hidden-sm hidden-ms hidden-xs\" style=\"height: 60px;\"><\/div>\t<div class=\"visible-md\" style=\"height: 60px;\"><\/div>\t<div class=\"visible-sm \" style=\"height: 60px;\"><\/div>\t<div class=\"visible-ms\" style=\"height: 30px;\"><\/div>\t<div class=\"visible-xs\" style=\"height: 30px;\"><\/div><\/div><div class=\"btn-wrap align-center\">\r\n\t<a href=\"\/hu\/?add-to-cart=11579&#038;quantity=1\"  class=\"btn  btn-main color-hover-default align-center\" id=\"like_sc_button_67600492\">Term\u00e9k megv\u00e1s\u00e1rl\u00e1sa<\/a><\/div>[\/vc_column][\/vc_row][vc_row][vc_column]<div class=\"es-resp\">\t<div class=\"visible-xl\" style=\"height: 128px;\"><\/div>\t<div class=\"hidden-xl hidden-md hidden-sm hidden-ms hidden-xs\" style=\"height: 128px;\"><\/div>\t<div class=\"visible-md\" style=\"height: 128px;\"><\/div>\t<div class=\"visible-sm \" style=\"height: 128px;\"><\/div>\t<div class=\"visible-ms\" style=\"height: 80px;\"><\/div>\t<div class=\"visible-xs\" style=\"height: 80px;\"><\/div><\/div>[\/vc_column][\/vc_row][\/vc_section]<\/p>\n<\/div>","protected":false},"excerpt":{"rendered":"<p>[vc_section][vc_row full_width=&#8221;stretch_row_content_no_spaces&#8221;][vc_column][vc_column_text css=&#8221;&#8221;][\/vc_column_text][\/vc_column][\/vc_row][vc_row][vc_column][\/vc_column][\/vc_row][vc_row equal_height=&#8221;yes&#8221; content_placement=&#8221;top&#8221;][vc_column width=&#8221;7\/12&#8243; offset=&#8221;vc_hidden-md vc_hidden-sm vc_hidden-xs&#8221;][vc_column_text css=&#8221;&#8221;] Gyakori n\u0151gy\u00f3gy\u00e1szati probl\u00e9m\u00e1k kezel\u00e9se l\u00e1gyl\u00e9zerrel: A l\u00e9zerf\u00e9ny hat\u00e1smechanizmus\u00e1ban le\u00edrtak alapj\u00e1n meg\u00e1llap\u00edthat\u00f3, hogy a 650-660nm piros l\u00e1gyl\u00e9zer hat\u00e1s\u00e1ra a vagina gyullad\u00e1sos megbeteged\u00e9sein t\u00fal a kollag\u00e9nszint\u00e9zis fokoz\u00e1s\u00e1val h\u00fcvelysz\u0171k\u00edt\u0151 hat\u00e1s \u00e9rhet\u0151 el! A h\u00fcvelyfal izomzat\u00e1nak rugalmass\u00e1ga n\u00f6vekszik a kezel\u00e9sek \u00e1ltal. A k\u00e9k 450-470 nm l\u00e1gyl\u00e9zer kezel\u00e9ssel pedig, a legt\u00f6bbsz\u00f6r el\u0151fordul\u00f3, h\u00fcvelyi candida albicans gomba, egyes bakteri\u00e1lis fert\u0151z\u00e9sek, illetve v\u00edrusos megbeteged\u00e9sek is eredm\u00e9nyesen kezelhet\u0151ek. Jelenleg t\u00f6bb n\u0151gy\u00f3gy\u00e1szati klinika is ny\u00fajt l\u00e1gyl\u00e9zerrel t\u00f6rt\u00e9n\u0151 h\u00fcvelysz\u0171k\u00edt\u00e9ses kezel\u00e9seket. Azonban ezek nagy erej\u0171 l\u00e9zerekkel t\u00f6rt\u00e9nnek, sok mikro s\u00e9r\u00fcl\u00e9st okozva el\u0151seg\u00edtve a jelent\u0151s kollag\u00e9nszint\u00e9zist, 4-500.000 Ft-os \u00e1rakon. A kezel\u00e9seket p\u00e1r [&hellip;]<\/p>\n","protected":false},"author":1,"featured_media":0,"parent":0,"menu_order":0,"comment_status":"closed","ping_status":"closed","template":"page-templates\/full-width.php","meta":{"footnotes":""},"class_list":["post-10428","page","type-page","status-publish","hentry"],"yoast_head":"<!-- This site is optimized with the Yoast SEO plugin v26.4 - https:\/\/yoast.com\/wordpress\/plugins\/seo\/ -->\n<title>L\u00e9zer a n\u0151gy\u00f3gy\u00e1szatban - VL1200<\/title>\n<meta name=\"robots\" content=\"index, follow, max-snippet:-1, max-image-preview:large, max-video-preview:-1\" \/>\n<link rel=\"canonical\" href=\"https:\/\/vl1200.com\/hu\/lezer-a-nogyogyaszatban\/\" \/>\n<meta property=\"og:locale\" content=\"hu_HU\" \/>\n<meta property=\"og:type\" content=\"article\" \/>\n<meta property=\"og:title\" content=\"L\u00e9zer a n\u0151gy\u00f3gy\u00e1szatban - VL1200\" \/>\n<meta property=\"og:description\" content=\"[vc_section][vc_row full_width=&#8221;stretch_row_content_no_spaces&#8221;][vc_column][vc_column_text css=&#8221;&#8221;][\/vc_column_text][\/vc_column][\/vc_row][vc_row][vc_column][\/vc_column][\/vc_row][vc_row equal_height=&#8221;yes&#8221; content_placement=&#8221;top&#8221;][vc_column width=&#8221;7\/12&#8243; offset=&#8221;vc_hidden-md vc_hidden-sm vc_hidden-xs&#8221;][vc_column_text css=&#8221;&#8221;] Gyakori n\u0151gy\u00f3gy\u00e1szati probl\u00e9m\u00e1k kezel\u00e9se l\u00e1gyl\u00e9zerrel: A l\u00e9zerf\u00e9ny hat\u00e1smechanizmus\u00e1ban le\u00edrtak alapj\u00e1n meg\u00e1llap\u00edthat\u00f3, hogy a 650-660nm piros l\u00e1gyl\u00e9zer hat\u00e1s\u00e1ra a vagina gyullad\u00e1sos megbeteged\u00e9sein t\u00fal a kollag\u00e9nszint\u00e9zis fokoz\u00e1s\u00e1val h\u00fcvelysz\u0171k\u00edt\u0151 hat\u00e1s \u00e9rhet\u0151 el! A h\u00fcvelyfal izomzat\u00e1nak rugalmass\u00e1ga n\u00f6vekszik a kezel\u00e9sek \u00e1ltal. A k\u00e9k 450-470 nm l\u00e1gyl\u00e9zer kezel\u00e9ssel pedig, a legt\u00f6bbsz\u00f6r el\u0151fordul\u00f3, h\u00fcvelyi candida albicans gomba, egyes bakteri\u00e1lis fert\u0151z\u00e9sek, illetve v\u00edrusos megbeteged\u00e9sek is eredm\u00e9nyesen kezelhet\u0151ek. Jelenleg t\u00f6bb n\u0151gy\u00f3gy\u00e1szati klinika is ny\u00fajt l\u00e1gyl\u00e9zerrel t\u00f6rt\u00e9n\u0151 h\u00fcvelysz\u0171k\u00edt\u00e9ses kezel\u00e9seket. Azonban ezek nagy erej\u0171 l\u00e9zerekkel t\u00f6rt\u00e9nnek, sok mikro s\u00e9r\u00fcl\u00e9st okozva el\u0151seg\u00edtve a jelent\u0151s kollag\u00e9nszint\u00e9zist, 4-500.000 Ft-os \u00e1rakon. A kezel\u00e9seket p\u00e1r [&hellip;]\" \/>\n<meta property=\"og:url\" content=\"https:\/\/vl1200.com\/hu\/lezer-a-nogyogyaszatban\/\" \/>\n<meta property=\"og:site_name\" content=\"VL1200\" \/>\n<meta property=\"article:modified_time\" content=\"2026-02-04T09:03:25+00:00\" \/>\n<meta property=\"og:image\" content=\"https:\/\/vl1200.com\/wp-content\/uploads\/2025\/09\/vl1200-hosszu.png\" \/>\n\t<meta property=\"og:image:width\" content=\"850\" \/>\n\t<meta property=\"og:image:height\" content=\"283\" \/>\n\t<meta property=\"og:image:type\" content=\"image\/png\" \/>\n<meta name=\"twitter:card\" content=\"summary_large_image\" \/>\n<meta name=\"twitter:label1\" content=\"Becs\u00fclt olvas\u00e1si id\u0151\" \/>\n\t<meta name=\"twitter:data1\" content=\"16 perc\" \/>\n<script type=\"application\/ld+json\" class=\"yoast-schema-graph\">{\"@context\":\"https:\/\/schema.org\",\"@graph\":[{\"@type\":\"WebPage\",\"@id\":\"https:\/\/vl1200.com\/hu\/lezer-a-nogyogyaszatban\/\",\"url\":\"https:\/\/vl1200.com\/hu\/lezer-a-nogyogyaszatban\/\",\"name\":\"L\u00e9zer a n\u0151gy\u00f3gy\u00e1szatban - VL1200\",\"isPartOf\":{\"@id\":\"https:\/\/vl1200.com\/#website\"},\"datePublished\":\"2025-09-28T09:50:02+00:00\",\"dateModified\":\"2026-02-04T09:03:25+00:00\",\"breadcrumb\":{\"@id\":\"https:\/\/vl1200.com\/hu\/lezer-a-nogyogyaszatban\/#breadcrumb\"},\"inLanguage\":\"hu\",\"potentialAction\":[{\"@type\":\"ReadAction\",\"target\":[\"https:\/\/vl1200.com\/hu\/lezer-a-nogyogyaszatban\/\"]}]},{\"@type\":\"BreadcrumbList\",\"@id\":\"https:\/\/vl1200.com\/hu\/lezer-a-nogyogyaszatban\/#breadcrumb\",\"itemListElement\":[{\"@type\":\"ListItem\",\"position\":1,\"name\":\"Kezd\u0151lap\",\"item\":\"https:\/\/vl1200.com\/oldalunk-frissites-alatt\/\"},{\"@type\":\"ListItem\",\"position\":2,\"name\":\"L\u00e9zer a n\u0151gy\u00f3gy\u00e1szatban\"}]},{\"@type\":\"WebSite\",\"@id\":\"https:\/\/vl1200.com\/#website\",\"url\":\"https:\/\/vl1200.com\/\",\"name\":\"VL1200\",\"description\":\"Az intim fiatals\u00e1g megtarthat\u00f3 \u00e9s visszanyerhet\u0151. Anti-aging kezel\u00e9ssel a h\u00fcvely visszanyeri fiatalos rugalmass\u00e1g\u00e1t, a v\u00e1s\u00e1rl\u00f3ink pedig \u00f6nbizalmukat \u00e9s magabiztoss\u00e1gukat.\",\"potentialAction\":[{\"@type\":\"SearchAction\",\"target\":{\"@type\":\"EntryPoint\",\"urlTemplate\":\"https:\/\/vl1200.com\/?s={search_term_string}\"},\"query-input\":{\"@type\":\"PropertyValueSpecification\",\"valueRequired\":true,\"valueName\":\"search_term_string\"}}],\"inLanguage\":\"hu\"}]}<\/script>\n<!-- \/ Yoast SEO plugin. -->","yoast_head_json":{"title":"L\u00e9zer a n\u0151gy\u00f3gy\u00e1szatban - VL1200","robots":{"index":"index","follow":"follow","max-snippet":"max-snippet:-1","max-image-preview":"max-image-preview:large","max-video-preview":"max-video-preview:-1"},"canonical":"https:\/\/vl1200.com\/hu\/lezer-a-nogyogyaszatban\/","og_locale":"hu_HU","og_type":"article","og_title":"L\u00e9zer a n\u0151gy\u00f3gy\u00e1szatban - VL1200","og_description":"[vc_section][vc_row full_width=&#8221;stretch_row_content_no_spaces&#8221;][vc_column][vc_column_text css=&#8221;&#8221;][\/vc_column_text][\/vc_column][\/vc_row][vc_row][vc_column][\/vc_column][\/vc_row][vc_row equal_height=&#8221;yes&#8221; content_placement=&#8221;top&#8221;][vc_column width=&#8221;7\/12&#8243; offset=&#8221;vc_hidden-md vc_hidden-sm vc_hidden-xs&#8221;][vc_column_text css=&#8221;&#8221;] Gyakori n\u0151gy\u00f3gy\u00e1szati probl\u00e9m\u00e1k kezel\u00e9se l\u00e1gyl\u00e9zerrel: A l\u00e9zerf\u00e9ny hat\u00e1smechanizmus\u00e1ban le\u00edrtak alapj\u00e1n meg\u00e1llap\u00edthat\u00f3, hogy a 650-660nm piros l\u00e1gyl\u00e9zer hat\u00e1s\u00e1ra a vagina gyullad\u00e1sos megbeteged\u00e9sein t\u00fal a kollag\u00e9nszint\u00e9zis fokoz\u00e1s\u00e1val h\u00fcvelysz\u0171k\u00edt\u0151 hat\u00e1s \u00e9rhet\u0151 el! A h\u00fcvelyfal izomzat\u00e1nak rugalmass\u00e1ga n\u00f6vekszik a kezel\u00e9sek \u00e1ltal. A k\u00e9k 450-470 nm l\u00e1gyl\u00e9zer kezel\u00e9ssel pedig, a legt\u00f6bbsz\u00f6r el\u0151fordul\u00f3, h\u00fcvelyi candida albicans gomba, egyes bakteri\u00e1lis fert\u0151z\u00e9sek, illetve v\u00edrusos megbeteged\u00e9sek is eredm\u00e9nyesen kezelhet\u0151ek. Jelenleg t\u00f6bb n\u0151gy\u00f3gy\u00e1szati klinika is ny\u00fajt l\u00e1gyl\u00e9zerrel t\u00f6rt\u00e9n\u0151 h\u00fcvelysz\u0171k\u00edt\u00e9ses kezel\u00e9seket. Azonban ezek nagy erej\u0171 l\u00e9zerekkel t\u00f6rt\u00e9nnek, sok mikro s\u00e9r\u00fcl\u00e9st okozva el\u0151seg\u00edtve a jelent\u0151s kollag\u00e9nszint\u00e9zist, 4-500.000 Ft-os \u00e1rakon. A kezel\u00e9seket p\u00e1r [&hellip;]","og_url":"https:\/\/vl1200.com\/hu\/lezer-a-nogyogyaszatban\/","og_site_name":"VL1200","article_modified_time":"2026-02-04T09:03:25+00:00","og_image":[{"width":850,"height":283,"url":"https:\/\/vl1200.com\/wp-content\/uploads\/2025\/09\/vl1200-hosszu.png","type":"image\/png"}],"twitter_card":"summary_large_image","twitter_misc":{"Becs\u00fclt olvas\u00e1si id\u0151":"16 perc"},"schema":{"@context":"https:\/\/schema.org","@graph":[{"@type":"WebPage","@id":"https:\/\/vl1200.com\/hu\/lezer-a-nogyogyaszatban\/","url":"https:\/\/vl1200.com\/hu\/lezer-a-nogyogyaszatban\/","name":"L\u00e9zer a n\u0151gy\u00f3gy\u00e1szatban - VL1200","isPartOf":{"@id":"https:\/\/vl1200.com\/#website"},"datePublished":"2025-09-28T09:50:02+00:00","dateModified":"2026-02-04T09:03:25+00:00","breadcrumb":{"@id":"https:\/\/vl1200.com\/hu\/lezer-a-nogyogyaszatban\/#breadcrumb"},"inLanguage":"hu","potentialAction":[{"@type":"ReadAction","target":["https:\/\/vl1200.com\/hu\/lezer-a-nogyogyaszatban\/"]}]},{"@type":"BreadcrumbList","@id":"https:\/\/vl1200.com\/hu\/lezer-a-nogyogyaszatban\/#breadcrumb","itemListElement":[{"@type":"ListItem","position":1,"name":"Kezd\u0151lap","item":"https:\/\/vl1200.com\/oldalunk-frissites-alatt\/"},{"@type":"ListItem","position":2,"name":"L\u00e9zer a n\u0151gy\u00f3gy\u00e1szatban"}]},{"@type":"WebSite","@id":"https:\/\/vl1200.com\/#website","url":"https:\/\/vl1200.com\/","name":"VL1200","description":"Az intim fiatals\u00e1g megtarthat\u00f3 \u00e9s visszanyerhet\u0151. Anti-aging kezel\u00e9ssel a h\u00fcvely visszanyeri fiatalos rugalmass\u00e1g\u00e1t, a v\u00e1s\u00e1rl\u00f3ink pedig \u00f6nbizalmukat \u00e9s magabiztoss\u00e1gukat.","potentialAction":[{"@type":"SearchAction","target":{"@type":"EntryPoint","urlTemplate":"https:\/\/vl1200.com\/?s={search_term_string}"},"query-input":{"@type":"PropertyValueSpecification","valueRequired":true,"valueName":"search_term_string"}}],"inLanguage":"hu"}]}},"_links":{"self":[{"href":"https:\/\/vl1200.com\/hu\/wp-json\/wp\/v2\/pages\/10428","targetHints":{"allow":["GET"]}}],"collection":[{"href":"https:\/\/vl1200.com\/hu\/wp-json\/wp\/v2\/pages"}],"about":[{"href":"https:\/\/vl1200.com\/hu\/wp-json\/wp\/v2\/types\/page"}],"author":[{"embeddable":true,"href":"https:\/\/vl1200.com\/hu\/wp-json\/wp\/v2\/users\/1"}],"replies":[{"embeddable":true,"href":"https:\/\/vl1200.com\/hu\/wp-json\/wp\/v2\/comments?post=10428"}],"version-history":[{"count":64,"href":"https:\/\/vl1200.com\/hu\/wp-json\/wp\/v2\/pages\/10428\/revisions"}],"predecessor-version":[{"id":12056,"href":"https:\/\/vl1200.com\/hu\/wp-json\/wp\/v2\/pages\/10428\/revisions\/12056"}],"wp:attachment":[{"href":"https:\/\/vl1200.com\/hu\/wp-json\/wp\/v2\/media?parent=10428"}],"curies":[{"name":"wp","href":"https:\/\/api.w.org\/{rel}","templated":true}]}}